{"id":192,"date":"2023-02-09T21:56:07","date_gmt":"2023-02-09T20:56:07","guid":{"rendered":"https:\/\/www.odomove.cz\/?page_id=192"},"modified":"2023-02-09T22:49:06","modified_gmt":"2023-02-09T21:49:06","slug":"o-domove-v-mediich","status":"publish","type":"page","link":"https:\/\/www.odomove.cz\/index.php\/o-domove-v-mediich\/","title":{"rendered":"O domov\u0113 v m\u00e9di\u00edch"},"content":{"rendered":"\n<p>.<\/p>\n\n\n\n<div class=\"is-layout-flex wp-container-12 wp-block-columns\">\n<div class=\"is-layout-flow wp-block-column\" style=\"flex-basis:100%\">\n<div class=\"is-layout-flow wp-block-group alignwide\"><div class=\"wp-block-group__inner-container\">\n<div class=\"is-layout-flex wp-container-3 wp-block-columns alignwide are-vertically-aligned-bottom has-medium-font-size\">\n<div class=\"is-layout-flow wp-block-column\" style=\"flex-basis:50%\">\n<figure class=\"wp-block-image size-large\"><img decoding=\"async\" loading=\"lazy\" width=\"1024\" height=\"617\" src=\"https:\/\/www.odomove.cz\/wp-content\/uploads\/2023\/02\/IMG_8582-scaled-e1675979265333-1024x617.jpg\" alt=\"\" class=\"wp-image-209\" srcset=\"https:\/\/www.odomove.cz\/wp-content\/uploads\/2023\/02\/IMG_8582-scaled-e1675979265333-1024x617.jpg 1024w, https:\/\/www.odomove.cz\/wp-content\/uploads\/2023\/02\/IMG_8582-scaled-e1675979265333-300x181.jpg 300w, https:\/\/www.odomove.cz\/wp-content\/uploads\/2023\/02\/IMG_8582-scaled-e1675979265333-768x463.jpg 768w, https:\/\/www.odomove.cz\/wp-content\/uploads\/2023\/02\/IMG_8582-scaled-e1675979265333-1536x925.jpg 1536w, https:\/\/www.odomove.cz\/wp-content\/uploads\/2023\/02\/IMG_8582-scaled-e1675979265333-2048x1234.jpg 2048w, https:\/\/www.odomove.cz\/wp-content\/uploads\/2023\/02\/IMG_8582-scaled-e1675979265333-1140x687.jpg 1140w\" sizes=\"(max-width: 1024px) 100vw, 1024px\" \/><figcaption class=\"wp-element-caption\">Processed with MOLDIV<\/figcaption><\/figure>\n<\/div>\n\n\n\n<div class=\"is-layout-flow wp-block-column\" style=\"flex-basis:50%\">\n<h3>Sn\u00eddan\u011b s Novou 1.11.2022<\/h3>\n\n\n\n<p style=\"font-size:16px\">Vst\u00e1vat ve 4 r\u00e1no, d\u00e1t se do&nbsp;gala a&nbsp;je\u0161t\u011b ze sebe n\u011bco smyslupln\u00e9ho dostat? Kde a kdy? V&nbsp;6 r\u00e1no ve Sn\u00eddani s&nbsp;Novou! To nebylo nic pro n\u00e1s dv\u011b, p\u0159esto va\u0161e ohlasy byly n\u00e1dhern\u00e9 a za to v\u00e1m moc d\u011bkujeme. <\/p>\n\n\n\n<p style=\"font-size:16px\">Kluci byli mil\u00ed a vtipn\u00ed. Byl to op\u011bt obrovsk\u00fd z\u00e1\u017eitek, nicm\u00e9n\u011b je jasn\u00e9, \u017ee ve\u010dern\u00ed vystoupen\u00ed n\u00e1m jdou l\u00e9pe.&nbsp;Kam se vyd\u00e1me p\u0159\u00ed\u0161t\u011b? Chcete n\u00e1s?<\/p>\n<\/div>\n<\/div>\n\n\n\n<p>.<\/p>\n\n\n\n<div class=\"wp-block-media-text alignwide has-media-on-the-right is-stacked-on-mobile is-vertically-aligned-bottom is-image-fill\"><div class=\"wp-block-media-text__content\">\n<h3>Magaz\u00edn MALL.CZ &#8211; jaro 2022<\/h3>\n\n\n\n<p style=\"font-size:16px\">Na\u0161e prvn\u00ed titulka! Cel\u00e9 jaro 2022 jste n\u00e1s mohli naj\u00edt na&nbsp;v\u0161ech v\u00fddejn\u00e1ch Mall.cz, zkr\u00e1tka jsme se tak trochu &#8222;v\u00e1lely&#8220; na&nbsp;pultech.<\/p>\n\n\n\n<p style=\"font-size:16px\">Pokud katalog nestihnete sehnat fyzicky, m\u016f\u017eete si cel\u00fd rozhovor s&nbsp;n\u00e1mi p\u0159e\u010d\u00edst i&nbsp;<a href=\"https:\/\/odomove.cz\/odomove-media\/od-katalog-mall-cz\/\">zde&gt;&gt;<\/a><\/p>\n<\/div><figure class=\"wp-block-media-text__media\" style=\"background-image:url(https:\/\/www.odomove.cz\/wp-content\/uploads\/2023\/02\/IMG_4632-1024x1024.jpg);background-position:50% 50%\"><img decoding=\"async\" loading=\"lazy\" width=\"1024\" height=\"1024\" src=\"https:\/\/www.odomove.cz\/wp-content\/uploads\/2023\/02\/IMG_4632-1024x1024.jpg\" alt=\"\" class=\"wp-image-212 size-full\" srcset=\"https:\/\/www.odomove.cz\/wp-content\/uploads\/2023\/02\/IMG_4632.jpg 1024w, https:\/\/www.odomove.cz\/wp-content\/uploads\/2023\/02\/IMG_4632-300x300.jpg 300w, https:\/\/www.odomove.cz\/wp-content\/uploads\/2023\/02\/IMG_4632-768x768.jpg 768w, https:\/\/www.odomove.cz\/wp-content\/uploads\/2023\/02\/IMG_4632-75x75.jpg 75w\" sizes=\"(max-width: 1024px) 100vw, 1024px\" \/><\/figure><\/div>\n\n\n\n<p>.<\/p>\n\n\n\n<div class=\"is-layout-flex wp-container-6 wp-block-columns alignwide are-vertically-aligned-bottom\">\n<div class=\"is-layout-flow wp-block-column\" style=\"flex-basis:50%\">\n<figure class=\"wp-block-image is-resized\"><img decoding=\"async\" loading=\"lazy\" src=\"https:\/\/www.odomove.cz\/wp-content\/uploads\/2023\/02\/PHOTO-2021-09-21-23-34-48.jpg\" alt=\"\" class=\"wp-image-193\" width=\"358\" height=\"477\"\/><\/figure>\n<\/div>\n\n\n\n<div class=\"is-layout-flow wp-block-column\" style=\"flex-basis:50%\">\n<h3><a href=\"https:\/\/www.youtube.com\/watch?v=WC_AgHoQa3Q\">Show Jana Krause &#8211; 22.9.2021<\/a><\/h3>\n\n\n\n<p>V z\u00e1\u0159\u00ed 2021 jsme byly pozv\u00e1ny do&nbsp;show Jana Krause. Byl to velk\u00fd z\u00e1\u017eitek spojen\u00fd s&nbsp;obrovskou nervozitou. P\u0159\u00edprava v&nbsp;podstat\u011b nula, jdete rovnou do&nbsp;akce, p\u0159ed s\u00e1l pln\u00fd div\u00e1k\u016f.<\/p>\n\n\n\n<p>Po&nbsp;kliknut\u00ed na&nbsp;odkazy m\u016f\u017eete zhl\u00e9dnout&nbsp;<strong><a href=\"https:\/\/www.youtube.com\/watch?v=WC_AgHoQa3Q\">\u010d\u00e1st, kter\u00e1 se vys\u00edlala<\/a><\/strong>&nbsp;i&nbsp;v televizi.&nbsp;<strong><a href=\"https:\/\/www.youtube.com\/watch?v=g5Kb7RA7ZiY\">&#8222;Ot\u00e1zky&#8220;<\/a><\/strong>, kter\u00e9 n\u00e1m byly polo\u017eeny p\u0159ed vystoupen\u00edm a&nbsp;<strong><a href=\"https:\/\/www.youtube.com\/watch?v=fNZUmZmtb_E\">&#8222;Co v&nbsp;Krausovi nebylo&#8220;<\/a><\/strong>. Nevyst\u0159ihli n\u00e1s ani kousek!<\/p>\n<\/div>\n<\/div>\n\n\n\n<p>.<\/p>\n\n\n\n<div class=\"is-layout-flex wp-container-9 wp-block-columns alignwide are-vertically-aligned-bottom\">\n<div class=\"is-layout-flow wp-block-column\" style=\"flex-basis:50%\">\n<h3><a href=\"https:\/\/www.youtube.com\/watch?v=WC_AgHoQa3Q\"><\/a><a href=\"https:\/\/www.ceskatelevize.cz\/porady\/1148499747-sama-doma\/220562220600153\/\">Sama doma&nbsp;&#8211; 15.12.2020<\/a><\/h3>\n\n\n\n<p>P\u0159ed v\u00e1no\u010dn\u00edmi sv\u00e1tky roku 2020 jste n\u00e1s mohli vid\u011bt v&nbsp;po\u0159adu&nbsp;<a href=\"https:\/\/www.ceskatelevize.cz\/porady\/1148499747-sama-doma\/220562220600153\/\">SAMA DOMA<\/a>. Na\u0161e prvn\u00ed televizn\u00ed vystoupen\u00ed bylo spojeno z&nbsp;velk\u00fdm vykro\u010den\u00edm z&nbsp;komfortn\u00ed z\u00f3ny.<\/p>\n\n\n\n<p><a href=\"https:\/\/www.youtube.com\/@kralovnyporadku\">Seri\u00e1l Kr\u00e1lovny po\u0159\u00e1dku<\/a>\u00a0jsme za\u010daly nat\u00e1\u010det na\u00a0ja\u0159e 2021, tak u\u017e se te\u010f p\u0159ed kamerou c\u00edt\u00edme trochu l\u00e9pe. <\/p>\n<\/div>\n\n\n\n<div class=\"is-layout-flow wp-block-column\" style=\"flex-basis:50%\">\n<figure class=\"wp-block-image size-full\"><img decoding=\"async\" loading=\"lazy\" width=\"771\" height=\"555\" src=\"https:\/\/www.odomove.cz\/wp-content\/uploads\/2023\/02\/samadoma2.jpg\" alt=\"\" class=\"wp-image-244\" srcset=\"https:\/\/www.odomove.cz\/wp-content\/uploads\/2023\/02\/samadoma2.jpg 771w, https:\/\/www.odomove.cz\/wp-content\/uploads\/2023\/02\/samadoma2-300x216.jpg 300w, https:\/\/www.odomove.cz\/wp-content\/uploads\/2023\/02\/samadoma2-768x553.jpg 768w\" sizes=\"(max-width: 771px) 100vw, 771px\" \/><\/figure>\n<\/div>\n<\/div>\n<\/div><\/div>\n<\/div>\n<\/div>\n","protected":false},"excerpt":{"rendered":"<p>. Sn\u00eddan\u011b s Novou 1.11.2022 Vst\u00e1vat ve 4 r\u00e1no, d\u00e1t se do&nbsp;gala a&nbsp;je\u0161t\u011b ze sebe n\u011bco smyslupln\u00e9ho dostat? Kde a kdy? V&nbsp;6 r\u00e1no ve Sn\u00eddani s&nbsp;Novou! To nebylo nic pro n\u00e1s dv\u011b, p\u0159esto va\u0161e ohlasy byly n\u00e1dhern\u00e9 a za to v\u00e1m moc d\u011bkujeme. Kluci byli mil\u00ed a vtipn\u00ed. Byl to op\u011bt obrovsk\u00fd z\u00e1\u017eitek, nicm\u00e9n\u011b je jasn\u00e9, \u017ee ve\u010dern\u00ed vystoupen\u00ed n\u00e1m jdou l\u00e9pe.&nbsp;Kam se vyd\u00e1me p\u0159\u00ed\u0161t\u011b? Chcete n\u00e1s? . Magaz\u00edn MALL.CZ &#8211; jaro 2022 Na\u0161e prvn\u00ed titulka! Cel\u00e9 jaro 2022 jste n\u00e1s mohli naj\u00edt na&nbsp;v\u0161ech v\u00fddejn\u00e1ch Mall.cz, zkr\u00e1tka jsme se tak trochu &#8222;v\u00e1lely&#8220; na&nbsp;pultech. Pokud katalog nestihnete sehnat fyzicky, m\u016f\u017eete si cel\u00fd rozhovor s&nbsp;n\u00e1mi p\u0159e\u010d\u00edst i&nbsp;zde&gt;&gt; . Show Jana Krause &#8211; 22.9.2021 V z\u00e1\u0159\u00ed 2021 jsme byly pozv\u00e1ny do&nbsp;show Jana Krause. Byl to velk\u00fd z\u00e1\u017eitek spojen\u00fd s&nbsp;obrovskou nervozitou. P\u0159\u00edprava v&nbsp;podstat\u011b nula, jdete rovnou do&nbsp;akce, p\u0159ed s\u00e1l pln\u00fd div\u00e1k\u016f. Po&nbsp;kliknut\u00ed na&nbsp;odkazy m\u016f\u017eete zhl\u00e9dnout&nbsp;\u010d\u00e1st, kter\u00e1 se vys\u00edlala&nbsp;i&nbsp;v televizi.&nbsp;&#8222;Ot\u00e1zky&#8220;, kter\u00e9 n\u00e1m byly polo\u017eeny p\u0159ed vystoupen\u00edm a&nbsp;&#8222;Co v&nbsp;Krausovi nebylo&#8220;. Nevyst\u0159ihli n\u00e1s ani kousek! . Sama doma&nbsp;&#8211; 15.12.2020 P\u0159ed v\u00e1no\u010dn\u00edmi sv\u00e1tky roku 2020 jste n\u00e1s mohli vid\u011bt v&nbsp;po\u0159adu&nbsp;SAMA DOMA. Na\u0161e prvn\u00ed televizn\u00ed vystoupen\u00ed bylo spojeno z&nbsp;velk\u00fdm vykro\u010den\u00edm z&nbsp;komfortn\u00ed z\u00f3ny. Seri\u00e1l Kr\u00e1lovny po\u0159\u00e1dku\u00a0jsme za\u010daly nat\u00e1\u010det na\u00a0ja\u0159e 2021, tak u\u017e se te\u010f p\u0159ed kamerou c\u00edt\u00edme trochu l\u00e9pe.<\/p>\n","protected":false},"author":1,"featured_media":0,"parent":0,"menu_order":0,"comment_status":"closed","ping_status":"closed","template":"","meta":[],"_links":{"self":[{"href":"https:\/\/www.odomove.cz\/index.php\/wp-json\/wp\/v2\/pages\/192"}],"collection":[{"href":"https:\/\/www.odomove.cz\/index.php\/wp-json\/wp\/v2\/pages"}],"about":[{"href":"https:\/\/www.odomove.cz\/index.php\/wp-json\/wp\/v2\/types\/page"}],"author":[{"embeddable":true,"href":"https:\/\/www.odomove.cz\/index.php\/wp-json\/wp\/v2\/users\/1"}],"replies":[{"embeddable":true,"href":"https:\/\/www.odomove.cz\/index.php\/wp-json\/wp\/v2\/comments?post=192"}],"version-history":[{"count":18,"href":"https:\/\/www.odomove.cz\/index.php\/wp-json\/wp\/v2\/pages\/192\/revisions"}],"predecessor-version":[{"id":246,"href":"https:\/\/www.odomove.cz\/index.php\/wp-json\/wp\/v2\/pages\/192\/revisions\/246"}],"wp:attachment":[{"href":"https:\/\/www.odomove.cz\/index.php\/wp-json\/wp\/v2\/media?parent=192"}],"curies":[{"name":"wp","href":"https:\/\/api.w.org\/{rel}","templated":true}]}}